{"version":"1.0","provider_name":"Palackpost\u00e1k R\u00e1ckev\u00e9r\u0151l","provider_url":"https:\/\/miveljukmuveljuk.cafeblog.hu","author_name":"M. Selmeczi Julianna","author_url":"https:\/\/miveljukmuveljuk.cafeblog.hu\/author\/m_selmeczi_julianna\/","title":"Kik\u00f6t\u00f6ttek. Le is horgonyoznak?  - Interj\u00fa Doszpod T\u00fcnd\u00e9vel","html":"<p style=\"text-align: justify\"><em><strong>K\u00f6z\u00f6s \u00e9g, k\u00f6z\u00f6s st\u00e9g, k\u00f6z\u00f6ss\u00e9g a r\u00e1ckevei Duna egyik \u00f6bl\u00e9ben, a v\u00e1ros egyik ikonikus haj\u00f3j\u00e1nak fed\u00e9lzet\u00e9n. A le\u00edr\u00f3 megfogalmaz\u00e1s m\u00e9g jelen id\u0151ben \u00edr\u00f3dik, de a folytat\u00e1s egyszer\u0171 j\u00f6v\u0151 id\u0151 helyett felt\u00e9teles. A jelk\u00e9pes horgonyt tal\u00e1n m\u00e9g nem h\u00fazta fel a haj\u00f3 egyik kapit\u00e1nya, Doszpod T\u00fcnde, de az \u00e1ltala \u00e9letre h\u00edvott m\u0171v\u00e9szeti - kultur\u00e1lis sz\u00ednt\u00e9r, \u00e1ll\u00f3haj\u00f3 m\u00f3dj\u00e1ra feneklett meg m\u00falt \u00e9v v\u00e9g\u00e9n. \u00cdg\u00e9retes kezdetek, pulz\u00e1l\u00e1s, friss \u00e1ramlatok a v\u00e1ros csendesen csordog\u00e1l\u00f3 v\u00e9rkering\u00e9s\u00e9ben, tarka programok ut\u00e1n most csend van a Malom \u00f6b\u00f6lben. Ut\u00e1naj\u00e1rtam a csendnek, hogy megtudjuk, meg\u00e9rts\u00fck mi t\u00f6rt\u00e9nt az elm\u00falt \u00e9vben \u00e9s mi v\u00e1rhat\u00f3 ebben az \u00e9vben. Sz\u00f3val, mi \u00fajs\u00e1g a K\u00f6z\u00f6sst\u00e9g haj\u00f3ja t\u00e1j\u00e1n?<\/strong><\/em><\/p>\r\n<p>&nbsp;<\/p>\r\n<p style=\"text-align: justify\">1<b>. T\u00fcnde, k\u00f6sz\u00f6n\u00f6m, hogy elfogadtad a felk\u00e9r\u00e9sem erre az interj\u00fara. T\u00f6bb\u00fcnkben folyamatosak a k\u00e9rd\u0151jelek, hogy mi t\u00f6rt\u00e9nt v\u00e1rosunk alternat\u00edv k\u00f6z\u00f6ss\u00e9gi helysz\u00edn\u00e9vel, ahol t\u00f6bbf\u00e9le m\u0171v\u00e9szeti tev\u00e9kenys\u00e9g, k\u00fcl\u00f6nb\u00f6z\u0151 zenei vil\u00e1g, kultur\u00e1lis soksz\u00edn\u0171s\u00e9g kapott otthont \u2013 vagy k\u00f6thetett ki, hogy a haj\u00f3s hasonlatokn\u00e1l maradjunk - , ahol \u00e9rdekes \u00e9s \u00e9rt\u00e9kes szem\u00e9letm\u00f3ddal \u00e1titatott tev\u00e9kenys\u00e9gek r\u00e9sztvev\u0151i lehett\u00fcnk. Miel\u0151tt a k\u00f6zep\u00e9be v\u00e1gn\u00e1nk,<\/b> <b>k\u00e9rlek, mutatkozz be az olvas\u00f3knak, picit szakmaibban, r\u00e9szletesebben, szem\u00e9lyesebben. Legt\u00f6bben egy sz\u00ednes, kedves, k\u00fcl\u00f6nc n\u0151t l\u00e1tunk benned, k\u00e9rlek, fedd fel mun\u00edci\u00f3id, \u00e9rt\u00e9keid. Mini CV csak most, csak nek\u00fcnk!<\/b><\/p>\r\n<p style=\"text-align: justify\">Vid\u00e9ki, zalaegerszegi l\u00e1nykak\u00e9nt a 10 \u00e9ves f\u0151v\u00e1rosban \u00e9l\u00e9s ut\u00e1n egyre t\u00f6bbsz\u00f6r \u00e9s intenz\u00edvebben jelentkezett bennem a honv\u00e1gy a term\u00e9szetk\u00f6zelibb l\u00e9tforma ir\u00e1nt. Sajnos a mai felgyorsult temp\u00f3j\u00fa vil\u00e1gban a saj\u00e1t b\u0151r\u00f6m\u00f6n is tapasztaltam, hogy az emberi kapcsolatok elszem\u00e9lytelenedtek, ki\u00fcresedtek \u00e9s egyre nehezebb m\u00e9lyebb bar\u00e1ts\u00e1gokat<br \/>\u00e1polni \u00e9s fenntartani a forgatagban. Mindig is k\u00f6z\u00f6ss\u00e9gi ember voltam \u00e9s szerettem adni,<br \/>egyfajta modern Ter\u00e9z anya minden j\u00f3 \u00e9s rossz tulajdons\u00e1g\u00e1val egy\u00fctt. A Kaposv\u00e1ri Egyetem m\u0171vel\u0151d\u00e9sszervez\u0151 szak\u00e1n tanultam, amikor gyakorlatra a helyi M\u0171vel\u0151d\u00e9si H\u00e1zba ker\u00fcltem, ahol a mentorom lehet\u0151s\u00e9get adott, hogy komolyabban is megismerkedjek a civil szervezetek m\u0171k\u00f6d\u00e9s\u00e9vel \u00e9s mindennapjaival. F\u0151\u00e1ll\u00e1st kaptam a Zalai Civil H\u00e1zban \u00e9s a ZegZug Ifj\u00fas\u00e1gi Irod\u00e1ban, ahol p\u00e1ly\u00e1zati-\u00e9s programkoordin\u00e1tork\u00e9nt tev\u00e9kenykedtem 4 \u00e9vig. Megtanultam a p\u00e1ly\u00e1zat\u00edr\u00e1s cs\u00ednj\u00e1t-b\u00ednj\u00e1t, ifj\u00fas\u00e1gi, kultur\u00e1lis- \u00e9s oktat\u00e1si programokat szervezt\u00fcnk, sz\u00e1mos kiv\u00e1l\u00f3 szakemberrel megismerkedtem, akik a k\u00f6z\u00f6ss\u00e9g\u00fck\u00e9rt tesznek, legyen sz\u00f3 h\u00e1tr\u00e1nyos helyzet\u0171 emberekr\u0151l, kismam\u00e1kr\u00f3l vagy \u00e9pp \u00e1llatokr\u00f3l. A szakdolgozatom t\u00e9m\u00e1ja is ez volt, hagyom\u00e1ny\u0151rz\u00e9s civil szemmel. 2010-ben egy csal\u00e1di trag\u00e9dia ut\u00e1n hat\u00e1roztam el, hogy felsz\u00e1molom az eddigi \u00e9letem \u00e9s a f\u0151v\u00e1rosban kezdek \u00fajat. Maradtam a szakm\u00e1mn\u00e1l, \u00e9s az Oktat\u00e1si \u00e9s Kultur\u00e1lis Miniszt\u00e9rium p\u00e1ly\u00e1zatkezel\u0151j\u00e9n\u00e9l kaptam \u00e1ll\u00e1st, kultur\u00e1lis int\u00e9zm\u00e9nyek sz\u00e1m\u00e1ra ki\u00edrt EU-s p\u00e1ly\u00e1zatiforr\u00e1sok sz\u00e9toszt\u00e1s\u00e1val foglalkoztunk, majd a szervezeti \u00e1talakul\u00e1sok ut\u00e1n az Emberi Er\u0151forr\u00e1sok Miniszt\u00e9rium\u00e1ban, mint nemzetis\u00e9gi p\u00e1ly\u00e1zati referens az elnyert t\u00e1mogat\u00e1sok fel\u00fcgyelet\u00e9t v\u00e9geztem, kezdve a szerz\u0151d\u00e9sk\u00f6t\u00e9st\u0151l eg\u00e9szen a szakmai \u00e9s p\u00e9nz\u00fcgyi besz\u00e1mol\u00f3k ellen\u0151rz\u00e9s\u00e9ig. Nagyon j\u00f3 tanul\u00e1si terep volt \u00e9s azt gondolom a legnagyobb el\u0151ny\u00f6m jelenleg, hogy mind a k\u00e9t oldalr\u00f3l j\u00f3l ismerem a non-profit szervezetek mindennapi m\u0171k\u00f6d\u00e9s\u00e9t. 4 \u00e9v eltelt\u00e9vel egyre ink\u00e1bb \u00e9reztem, hogy az \u00e1llami szf\u00e9ra m\u00e1r nem \u00f6nazonos velem, \u00edgy felmondtam, \u00e9s egy f\u00fcggetlen Alap\u00edtv\u00e1nyn\u00e1l folytattam, amely a mai napig a legmeghat\u00e1roz\u00f3bb r\u00e9sze a szakmais\u00e1gomnak. A Demokratikus Jogok Fejleszt\u00e9s\u00e9\u00e9rt Alap\u00edtv\u00e1nyn\u00e1l tal\u00e1lkoztam azokkal az \u00e9rt\u00e9kekkel \u00e9s emberekkel (\u00e9rt\u00e9kes emberekkel), akik el\u00e9g \u00f6nbizalmat \u00e9s hitet adtak ahhoz, hogy a saj\u00e1t utamra l\u00e9pjek \u00e9s merjek belev\u00e1gni abba, ami hossz\u00fa \u00e9vek \u00f3ta elfojtott \u00e9s d\u00e9delgetett \u00e1lomk\u00e9nt bennem munk\u00e1lkodott. \u00d6nmegval\u00f3s\u00edt\u00e1sba, ez a K\u00d6Z\u00d6SSt\u00c9G!<\/p>\r\n<p style=\"text-align: justify\"><br \/><b>2. Hogyan tal\u00e1lt\u00e1l R\u00e1ckev\u00e9re, mi sodort ide, hogyan tal\u00e1lt\u00e1l a r\u00e1ckevei emberek egyik legend\u00e1s<\/b> <b>helysz\u00edn\u00e9re a \u201eHaj\u00f3ra\u201d , azaz mi\u00e9rt \u00e9ppen R\u00e1ckeve?<\/b><\/p>\r\n<p style=\"text-align: justify\">Val\u00f3j\u00e1ban nem is \u00e9n tal\u00e1ltam meg R\u00e1ckev\u00e9t. A b\u00e1ty\u00e1m \u00cdrorsz\u00e1gban \u00e9lt egy ideig, ahol megismerkedett egy sr\u00e1ccal, aki szigetbecsei. Bar\u00e1ts\u00e1g alakult ki kett\u0151j\u00fck k\u00f6z\u00f6tt \u00e9s \u00e1ltala jutottam el \u00e9n is R\u00e1ckev\u00e9re. Els\u0151 l\u00e1t\u00e1sra szerelem lett, egyfajta haza\u00e9rtem \u00e9rz\u00e9s. Maga a term\u00e9szeti k\u00f6rnyezet, a v\u00e1ros hangulata mag\u00e1val ragadott \u00e9s egyre s\u0171r\u0171bben tart\u00f3zkodtam itt, pincebulik, f\u0151z\u0151versenyek \u00e9s vele voltam el\u0151sz\u00f6r a haj\u00f3n is egy motoros bulin. Folyamatosan az munk\u00e1lkodott bennem, hogy itt ez a csod\u00e1s telep\u00fcl\u00e9s \u00e9s mennyi kihaszn\u00e1latlan forr\u00e1sa van. Ezzel valamit kezdeni kell \u00e9s csak j\u00f6ttek meg\u00e1ll\u00edthatatlanul a gondolatok. T\u00f6bbsz\u00f6r s\u00e9t\u00e1ltunk a Duna-parton Dorka kuty\u00e1mmal, ott \u00e1llt a haj\u00f3 \u00fcresen, elhagyatottam, le\u00fcltem a st\u00e9gre \u00e9s azon \u00e1br\u00e1ndoztam de j\u00f3 helyet lehetne itt csin\u00e1lni. J\u00f3 idegig ez csak az \u00e1lmodoz\u00e1s szintj\u00e9n mozgott, m\u00edg 2017-ben felmentem egy ingatlanos oldalra vid\u00e9ki h\u00e1zakat n\u00e9zegetni \u00e9s der\u00fclt \u00e9gb\u0151l vill\u00e1mcsap\u00e1sk\u00e9nt szembe tal\u00e1ltam magam a haj\u00f3 hirdet\u00e9s\u00e9vel, hogy kiad\u00f3. Pont t\u00fal voltam egy nagy \u00f6nismereti utaz\u00e1son, \u00e9s \u00fagy \u00e9reztem, hogy mindez sorszer\u0171, mert most m\u00e1r meg\u00e9rtem a feladatra, van \u00f6nbizalmam \u00e9s tehets\u00e9gem, hogy az \u00e1lmomat \u00e9letre keltsem. Egyetlen egy dolog \u00e1ll\u00edthatott volna akad\u00e1lyt, az anyagiak, de annyira hittem \u00e9s annyira elsz\u00e1ntam akartam, hogy egyb\u0151l a tettek mezej\u00e9re l\u00e9ptem \u00e9s megkerestem a haj\u00f3 tulaj\u00e1t. Felh\u00edvtam a b\u00e1ty\u00e1m, hogy ez van \u00e9s csin\u00e1ljuk meg, \u0151egyb\u0151l igent mondott \u00e9s seg\u00edtett a kezd\u0151 t\u0151ke megteremt\u00e9s\u00e9ben. A m\u00e1sik ember, aki n\u00e9lk\u00fcl ez sosem j\u00f6hetett volna l\u00e9tre az a p\u00e1rom volt, aki a v\u00e9gletekig mellettem \u00e1llt \u00e9s mindenben<br \/>seg\u00edtett. Mind\u00f6ssze k\u00e9t h\u00f3nap leforg\u00e1sa alatt az \u00e1lom val\u00f3s\u00e1gg\u00e1 v\u00e1lt \u00e9s 2018.febru\u00e1r 16-\u00e1n<br \/>megnyitott a K\u00d6Z\u00d6SSt\u00c9G. M\u00e1ig is r\u00e1csod\u00e1lkozom, hogy ez megt\u00f6rt\u00e9nt.<\/p>\r\n<p style=\"text-align: justify\"><br \/>3<b>. Mi t\u00f6bbsz\u00f6r j\u00e1rtunk a K\u00f6z\u00f6sSt\u00e9gen, abszol\u00fat tetten \u00e9rhet\u0151k voltak az \u00faj enteri\u0151rben az \u00fajra<\/b> <b>gondol\u00e1s elemei. Az ar\u00e1nylag kis terekb\u0151l kihozt\u00e1tok a legt\u00f6bbet. A falakat mindig kort\u00e1rs<\/b> <b>alkot\u00e1sok bor\u00edtott\u00e1k, a helyis\u00e9gek, teraszok m\u00e1sfajta funkci\u00f3kat kaptak. Az volt az \u00e9rz\u00e9sem,<\/b> <b>hogy a merev be\u00fcl\u0151s hely helyett egy \u201e\u00e9rezd magad otthon, add ki magadb\u00f3l, csak l\u00e9tezz \u00e9s<\/b> <b>legy\u00e9l j\u00f3l vagy \u00e9ppen vil\u00e1gosodj meg\u201d \u00e9rzetekre mentetek. Milyen c\u00e9ljaid, \u00e1lmaid, terveid<\/b> <b>voltak mikor \u00e1ts\u00e9t\u00e1lt\u00e1l a haj\u00f3 pall\u00f3j\u00e1n, \u00e9s k\u00f6rbe n\u00e9zt\u00e9l? Mi volt az els\u0151 leveg\u0151be szimatol\u00e1sod<\/b> <b>\u00e9s az \u00fcl\u00fcnk a bar\u00e1tokkal, gyerekekkel a st\u00e9geteken k\u00f6z\u00f6tt?<\/b><\/p>\r\n<p style=\"text-align: justify\"><b><\/b><br \/>Mindig is ezer dolog j\u00e1r egyszerre a fejemben \u00e9s tal\u00e1n egy negat\u00edv tulajdons\u00e1gomnak ezt meg is nevezhetem, hogy nehezen tudok egy dologra koncentr\u00e1lni \u00e9s t\u00falv\u00e1llalom magam. Akartam m\u00e1r \u00e9l\u0151zen\u00e9s vend\u00e9gl\u00e1t\u00f3helyet, baba-mama \u00e9ttermet, kul-turk\u00e1l\u00f3t, kort\u00e1rs pl\u00e1z\u00e1t \u00e9s sok mindent, ami abb\u00f3l a kreativit\u00e1sb\u00f3l fakad, amit soha nem tudtam semmilyen t\u00e9ren kibontakoztatni, csak rakodott le bennem gyermek korom \u00f3ta. Mindezek \u00f6sszegy\u00far\u00e1sa a Szitak\u00f6t\u0151 K\u00f6z\u00f6ss\u00e9gi, Kultur\u00e1lis \u00e9s M\u0171v\u00e9szeti Egyes\u00fclet, amelynek a soksz\u00edn\u0171s\u00e9g\u00e9hez az egyes tagok is hozz\u00e1j\u00e1rulnak, hisz van k\u00f6zt\u00fck zen\u00e9sz, irodalm\u00e1r, m\u00fazeumpedag\u00f3gus, \u00e1llatorvos, antropol\u00f3gus, fot\u00f3s, gy\u00f3gypedag\u00f3gus, divattervez\u0151, sz\u00ednh\u00e1zi szakember, m\u00e9rn\u00f6k. A n\u00e9vv\u00e1laszt\u00e1s is ebb\u0151l ered, \u00e9pp n\u00e9ztem egy term\u00e9szetfilmet a szitak\u00f6t\u0151kr\u0151l \u00e9s annyira mag\u00e1val ragadott az a sok sz\u00edn, a t\u00f6k\u00e9letlen \u00e1talakul\u00e1suk, a k\u00e1r\u00e1szok n\u00e1sza, pont olyan, mint, amit az egyes\u00fclet a tev\u00e9kenys\u00e9g\u00e9vel \u00e9s a c\u00e9ljaival k\u00e9pviselni szeretne. Ahogy bel\u00e9ptem a haj\u00f3ra egyb\u0151l tudtam, hogy egy \u00f6sszm\u0171v\u00e9szeti t\u00e9r lesz, ahol minden kultur\u00e1lis m\u0171faj \u00e9s mindenf\u00e9le ember megf\u00e9r majd egym\u00e1s mellett kort\u00f3l, nemt\u0151l, sz\u00e1rmaz\u00e1st\u00f3l, vall\u00e1st\u00f3l, b\u00e1rmi el\u0151\u00edt\u00e9lett\u0151l mentesen. Egy c\u00e9lom volt, hogy ne egy kocsma legyen, hanem egy k\u00f6z\u00f6ss\u00e9gi, laza hely, amit minden vend\u00e9g mag\u00e1\u00e9nak \u00e9rez \u00e9s alak\u00edthat. Minden j\u00f6tt mag\u00e1t\u00f3l, mi csak fel\u00fclt\u00fcnk a hull\u00e1mokra, nem kellett t\u00falgondolni, hisz volt egy kialak\u00edtott, stabil k\u00e9pem m\u00e1r az \u00e9n kis kultikus birodalmamr\u00f3l. Mag\u00e1t a haj\u00f3t a tulajdonos nagyon sz\u00e9pen fel\u00faj\u00edtotta, \u00edgy nek\u00fcnk val\u00f3j\u00e1ban egy nagytakar\u00edt\u00e1st kellett csin\u00e1lnunk \u00e9s<br \/>otthonoss\u00e1 tenni, belakni a teret. Megt\u00f6lteni \u00e9rt\u00e9kekkel \u00e9s sok j\u00f3 emberrel. A bels\u0151 diz\u00e1jnt magunk k\u00e9sz\u00edtett\u00fck, sok esetben hullad\u00e9k anyagokb\u00f3l, pinc\u00e9ben tal\u00e1lt dolgokb\u00f3l. A hely var\u00e1zs\u00e1t maga a term\u00e9szeti k\u00f6rnyezet adta meg, hisz ne felejts\u00fck el, hogy a Kis- Duna partj\u00e1n egy 1896-ban \u00e9p\u00fclt haj\u00f3n val\u00f3sulhatott meg, egy v\u00edzi paradicsomban, szigetekkel k\u00f6r\u00fclv\u00e9ve, ahol mindennapos vend\u00e9geink voltak a hatty\u00fak, a sz\u00e1rcs\u00e1k, a st\u00e9gteraszon \u00fclve pedig<br \/>belefeledkezhett\u00fcnk \u00f6nmagunkba a felkel\u0151 napot b\u00e1mulva \u00e9s k\u00e1v\u00e9t kortyolva.<\/p>\r\n<p style=\"text-align: justify\"><br \/><strong>4. Hogy \u00e9rzed, milyen volt a fogadtat\u00e1sotok a v\u00e1rosiak, t\u00e9rs\u00e9gben \u00e9l\u0151k r\u00e9sz\u00e9r\u0151l? Mit k\u00f6nyvelsz <\/strong><strong>el val\u00f3di sikerk\u00e9nt, eredm\u00e9nyk\u00e9nt? Mi az, ami megnehez\u00edtette a munk\u00e1tokat, hogy jobban<\/strong><strong>megvethess\u00e9tek a l\u00e1batokat, hogy a tettre k\u00e9sz leg\u00e9nys\u00e9getek mellett sok-sok t\u00f6rzsutas is<\/strong><strong>legyen a fed\u00e9lzeteteken?<\/strong><\/p>\r\n<p style=\"text-align: justify\"><br \/>Tudtuk, \u00e9s sz\u00e1moltunk is vele, hogy neh\u00e9z lesz, hisz nem helyiek vagyunk \u00e9s biztos sok emberben ez ellen\u00e9rz\u00e9seket kelt majd. \u00c9n sosem voltam mag\u00e1nyos farkask\u00e9nt k\u00fczd\u0151, a k\u00f6z\u00f6ss\u00e9g \u00e9s az egy\u00fcttm\u0171k\u00f6d\u00e9sek erej\u00e9ben hiszek, csak az hozhat meg\u00fajul\u00e1st \u00e9s fejl\u0151d\u00e9st. Mikor biztoss\u00e1 v\u00e1lt, hogy kib\u00e9relj\u00fck a haj\u00f3t email-ben megkerestem a Polg\u00e1rmester Urat, a kultur\u00e1lis int\u00e9zm\u00e9nyek vezet\u0151it \u00e9s bemutatkoztam, szem\u00e9lyes tal\u00e1lkoz\u00f3 lehet\u0151s\u00e9g\u00e9t k\u00e9rtem, hogy elmondjam, hogy nem konkur\u00e1lni szeretn\u00e9nk, hanem a szakmai tud\u00e1sunk birtok\u00e1ban kapcsol\u00f3d\u00e1si lehet\u0151s\u00e9geket keresni. Pozit\u00edv, hogy els\u0151k\u00e9nt egy mag\u00e1nszem\u00e9ly keresett meg minket, aki rengeteget tesz a helyi k\u00f6z\u00f6ss\u00e9gi \u00e9let\u00e9rt, majd a R\u00e1ckevei V\u00e9nusz Sz\u00ednh\u00e1z igazgat\u00f3ja, hogy nagyon \u00f6r\u00fclnek a kezdem\u00e9nyez\u00e9s\u00fcnknek \u00e9s \u00fclj\u00fcnk le besz\u00e9lgetni. Az \u00f6nkorm\u00e1nyzat r\u00e9sz\u00e9r\u0151l k\u00e9s\u0151bb kaptunk visszajelz\u00e9st, nagyon egy\u00fcttm\u0171k\u00f6d\u0151ek voltak mindv\u00e9gig vel\u00fcnk. Alpolg\u00e1rmester \u00dar \u00e9s feles\u00e9ge rendszeres l\u00e1togat\u00f3ja volt az esem\u00e9nyeinknek \u00e9s elismer\u00e9s\u00fcket kifejezt\u00e9k, t\u00f6bb v\u00e1rosi esem\u00e9nyre megh\u00edv\u00e1st kaptunk. A megnyit\u00f3nkon Varga L\u00edvius, a Quimby egy\u00fcttes tagja helyi lakosk\u00e9nt mondott k\u00f6sz\u00f6nt\u0151 besz\u00e9det, t\u00f6bb civil szervezettel dolgoztunk egy\u00fctt \u00e9s k\u00f6z\u00f6sen megszervezt\u00fck a Haj\u00f3 Maj\u00e1lis csal\u00e1di rendezv\u00e9nyt, amire eddig nemigen volt p\u00e9lda a t\u00e9rs\u00e9gben. T\u00f6bb, mint 14 000 szavazattal elnyert\u00fck a Tesco k\u00f6z\u00f6ss\u00e9gi szavaz\u00e1s\u00e1t indul\u00f3, \u00faj kezdem\u00e9nyez\u00e9sk\u00e9nt, amire a lakosok voksoltak. A Pest megyei \u00d6nkorm\u00e1nyzat \u00e9s a Kort\u00e1rs \u00c9p\u00edt\u00e9szeti K\u00f6zpont nemzetk\u00f6zi DANUrB projektj\u00e9be, mint best practice beker\u00fclhet\u00fcnk a j\u00f6v\u0151ben. A nyolc h\u00f3nap alatt, t\u00f6bb, mint 120programot elhoztunk a helyieknek, t\u00f6bbek k\u00f6z\u00f6tt fell\u00e9pet n\u00e1lunk Benk\u0151 Zsolt vagy Fekete Jen\u0151 elismert blues zen\u00e9szek, sz\u00ednh\u00e1zi el\u0151ad\u00e1st, st\u00e9gmozit, quiz esteket, kreat\u00edv k\u00e9zm\u0171ves foglalkoz\u00e1sokat szervezt\u00fcnk. Val\u00f3di siker, hogy egy bens\u0151s\u00e9ges k\u00f6z\u00f6ss\u00e9gi t\u00e9r j\u00f6tt l\u00e9tre R\u00e1ckev\u00e9n. Egy hely, ahol mindenki j\u00f3l \u00e9rzi mag\u00e1t, ahol \u00e9p\u00edt\u0151 besz\u00e9lget\u00e9sek zajlanak, ahol bar\u00e1ts\u00e1gok \u00e9s szerelmek sz\u00f6v\u0151dnek, ahol sz\u00fclinapos t\u00e1rsas\u00e1gok vagy \u00e9pp kisgyermekes csal\u00e1dok t\u00f6ltik a szabadidej\u00fcket kultur\u00e1lis \u00e9s ig\u00e9nyes k\u00f6r\u00fclm\u00e9nyek k\u00f6z\u00f6tt. Ami megnehez\u00edtette a munk\u00e1nkat, az els\u0151sorban a szem\u00e9lyes ellent\u00e9tek, az irigys\u00e9g, a rosszindulat, alap emberi tulajdons\u00e1gok. A nyaral\u00f3 soron volt egy \u00e1lland\u00f3 szem\u00e9ly, aki folyamatosan feljelentett minket, t\u00f6bbsz\u00f6ri tan\u00fameghallgat\u00e1s ut\u00e1n az \u00f6nkorm\u00e1nyzat hozott egy hat\u00e1rozatot, hogy nem k\u00f6vett\u00fcnk el semmilyen szab\u00e1lys\u00e9rt\u00e9st, \u00edgy v\u00e9g\u00fcl nem \u00e9rte el a c\u00e9lj\u00e1t. Azt tudni kell, hogy civil szervezetk\u00e9nt \u00e1tl\u00e1that\u00f3an m\u0171k\u00f6d\u00fcnk, \u00edgy b\u00e1rmikor b\u00e1rki k\u00e9r\u00e9sre betekinthet az iratainkba, a szakmai \u00e9s p\u00e9nz\u00fcgyi besz\u00e1mol\u00f3ink el\u00e9rhet\u0151ek a b\u00edr\u00f3s\u00e1g weboldal\u00e1n. A m\u00e1sik akad\u00e1lyt sajnos a fenntart\u00e1si k\u00f6lts\u00e9gek kitermel\u00e9se jelentette. Kialakult egy stabil k\u00f6z\u00f6ss\u00e9g, kb. 50 ember, akik t\u00f6rzshelyk\u00e9nt tekintett a haj\u00f3ra, sok bet\u00e9r\u0151 vend\u00e9g\u00fcnk is volt, azonban az utols\u00f3 h\u00f3napokban m\u00e1r tiszt\u00e1n l\u00e1ttuk, hogy mindez nem tudja kitermelni a b\u00e9rleti d\u00edjat \u00e9s a t\u00f6bbi j\u00e1rul\u00e9kos k\u00f6lts\u00e9get. \u00cdgy is tov\u00e1bb ny\u00fajt\u00f3zkodtunk, m\u00edg a takar\u00f3nk \u00e9rt, \u00e9s civil szervezetk\u00e9nt jelent\u0151s \u00f6sszeget befektett\u00fcnk a m\u0171k\u00f6d\u00e9sbe. Sajnos ny\u00e1r v\u00e9g\u00e9n meg kellett hozni a f\u00e1j\u00f3 d\u00f6nt\u00e9st, \u00e9s a tulajjal k\u00f6z\u00f6s megegyez\u00e9ssel 2018. okt\u00f3ber 1-t\u0151l \u00e1tmenetileg sz\u00fcneteltett\u00fck a szerz\u0151d\u00e9s\u00fcnket.<\/p>\r\n<p><br \/><strong>5. Mennyire v\u00e9gleges ez az \u00e1llapot? Visszaford\u00edthat\u00f3? \u00dajra \u00e9rtelmezhet\u0151? \u00dajra ind\u00edthat\u00f3?<\/strong><\/p>\r\n<p>A szerz\u0151d\u00e9s felmond\u00e1sakor abban \u00e1llapodtunk meg, hogy 2019. febru\u00e1r-m\u00e1rcius k\u00f6rny\u00e9k\u00e9n le\u00fcl\u00fcnk \u00fajra \u00e9s besz\u00e9l\u00fcnk a hogyan tov\u00e1bbr\u00f3l. Egyes\u00fclet\u00fcnk elind\u00edtott egy \u00f6nkorm\u00e1nyzati k\u00e9relmet a haj\u00f3 piac t\u00e9rre \u00e1thelyez\u00e9s\u00e9vel kapcsolatban. A jelenlegi arculat \u00e9s az el\u00e9rt eredm\u00e9nyek alapj\u00e1n meg\u00e9rdemelt helye lenne a v\u00e1rosk\u00f6zpontban, ami egyfajta turisztikai vonzer\u0151vel is b\u00edrhat a j\u00f6v\u0151re n\u00e9zve. A legnagyobb lehet\u0151s\u00e9get \u00e9s fejl\u0151d\u00e9st egy\u00e9bk\u00e9nt abban l\u00e1tom, ha a v\u00e1ros az idegenforgalmat jobban el\u0151t\u00e9rbe helyezi, mert R\u00e1ckeve m\u00e9lt\u00e1n meg\u00e9rdemeln\u00e9, hogy annyira pezsegjen, mint Szentendre vagy a Dunakanyar b\u00e1rmelyik telep\u00fcl\u00e9se. Meglep\u0151en sok ismer\u0151s\u00f6mnek fogalma sem volt arr\u00f3l, hogy hol van R\u00e1ckeve \u00e9s elk\u00e9pedt, amikor ell\u00e1togatott a haj\u00f3ra, holott 50 km-re vagyunk a f\u0151v\u00e1rost\u00f3l. Az \u00f6nkorm\u00e1nyzati test\u00fclet elvi t\u00e1mogat\u00e1s\u00e1t megkaptuk, fel\u00e1llt egy k\u00fcl\u00f6n bizotts\u00e1g, ugyanis \u00e9p\u00edt\u00e9szetileg is meg kell vizsg\u00e1lni, hogy f\u00e9r bele a Dunai l\u00e1tk\u00e9pbe, hogyan alak\u00edthat\u00f3 ki a csatornarendszer stb. \u00cdg\u00e9ret\u00fck szerint id\u00e9n tavaszra, az esetleges \u00faj szezonra megsz\u00fcletik a v\u00e9gleges d\u00f6nt\u00e9s. Nagyon bizakod\u00f3ak vagyunk, hogy az \u00f6nkorm\u00e1nyzat nem hagyja veszni a sokak sz\u00e1m\u00e1ra meghat\u00e1roz\u00f3 kultur\u00e1lis helysz\u00ednt. Az tov\u00e1bbra is nagy k\u00e9rd\u0151jel bennem, hogy van-e a lakosokban ig\u00e9ny az effajta kort\u00e1rs kult\u00far\u00e1ra. Az eddig tapasztalatok alapj\u00e1n azt l\u00e1tom, hogy ha egy 10.000 f\u0151s telep\u00fcl\u00e9sb\u0151l mind\u00f6ssze 50 ember nyitott az \u00faj \u00e9s friss \u00e9rt\u00e9kek befogad\u00e1s\u00e1ra, akkor nagy baj van az eg\u00e9sz t\u00e1rsadalomban. T\u00e9nyleg azt gondoltam, hogy telt h\u00e1zzal fogunk m\u0171k\u00f6dni \u00e9s sokkal nagyobb lesz az \u00e9rdekl\u0151d\u00e9s, hisz olyan programokat szolg\u00e1ltattunk, amik eddig csak a f\u0151v\u00e1rosban voltak el\u00e9rhet\u0151k.<\/p>\r\n<p style=\"text-align: justify\">6. <strong>Milyen terveid, elk\u00e9pzel\u00e9seid vannak a j\u00f6v\u0151re, ezen bel\u00fcl a r\u00e1ckevei j\u00f6v\u0151re n\u00e9zve? Folytatod<\/strong><strong>e az akt\u00edv civil munk\u00e1ss\u00e1godat itt vagy m\u00e1shol?<\/strong><\/p>\r\n<p style=\"text-align: justify\">\u0150szint\u00e9n sz\u00f3lva ez a p\u00e1r h\u00f3nap kellett, hogy \u00e9n is k\u00edv\u00fclr\u0151l l\u00e1ssam ezt az id\u0151szakot \u00e9s ne csak az \u00e9rzelmeim vez\u00e9reljenek. Persze nekem volt a legnehezebb a szak\u00edt\u00e1s, hisz az \u00e9n gyermekem volt, \u00e9s nem szerettem volna eltemetni. Nagyon elf\u00e1radtunk mindannyian, konfliktusokkal \u00e9s vesztes\u00e9gekkel is j\u00e1rt. Mindent megtett\u00fcnk, er\u0151n fel\u00fcl teljes\u00edtett\u00fcnk \u00e9s ha most megk\u00e9rdezed, hogy belev\u00e1gn\u00e9k-e \u00fajra, hat\u00e1rozottan igen. Semmit nem b\u00e1nok, nagyon<br \/>is b\u00fcszke vagyok magamra \u00e9s magunkra. Ha ennyi volt, akkor is megcsin\u00e1ltuk. Makacs vagyok, tudom. A civil munk\u00e1ss\u00e1gomat az\u00f3ta is folytatom \u00e9s a K\u00d6Z\u00d6SSt\u00c9G-et, mint kialak\u00edtott brendet nem hagyom veszni, akt\u00edv vagyok a k\u00f6z\u00f6ss\u00e9gi oldalainkon, figyelem \u00e9s \u00edrom a p\u00e1ly\u00e1zatokat, keresem a j\u00f6v\u0151beli \u00e9sszer\u0171 lehet\u0151s\u00e9geket, hogy mindez csak egy t\u00e9li sz\u00fcnetnek t\u0171nj\u00f6n, ahogy el is k\u00f6nyveltem a haj\u00f3 bez\u00e1r\u00e1sakor. Egy nyertes p\u00e1ly\u00e1zatunk megval\u00f3s\u00edt\u00e1sa hamarosan elkezd\u0151dik, hogy a helysz\u00edne a haj\u00f3 lesz vagy m\u00e1s, az majd eld\u0151l. Az biztos, hogy a r\u00e1ckevei lakosoknak fog sz\u00f3lni. A Tescoban is lehet \u00fajra dob\u00e1lni r\u00e1nk a zsetonokat \u00e9s sok telefonh\u00edv\u00e1st kaptam az\u00f3ta is helyiekt\u0151l, hogy mellett\u00fcnk vannak , hi\u00e1nyzunk. \u00dagy \u00e9rzem bel\u00fcl, hogy a haj\u00f3 miattunk \u00e9s a szellemis\u00e9g\u00fcnk miatt lett k\u00f6z\u00f6ss\u00e9gi hely, \u00e9s nem felt\u00e9tlen\u00fcl maga a helysz\u00edn volt a meghat\u00e1roz\u00f3 a k\u00f6z\u00f6ss\u00e9g\u00e9p\u00edt\u00e9sben, hanem az \u0151szinte tenni akar\u00e1s.<\/p>\r\n<p><br \/><strong>7. Kedvenc K\u00e9rd\u00e9sek - Neked:<\/strong><\/p>\r\n<p>Kedvenc film: \u00c9jszaka a F\u00f6ld\u00f6n<br \/>Kedvenc vers: Kosztol\u00e1nyi Dezs\u0151, Hajnali r\u00e9szegs\u00e9g<br \/>Kedvenc \u00edr\u00f3: G.G. M\u00e1rquez<br \/>Kedvenc id\u00e9zet, mott\u00f3:Carpe diem!<\/p>\r\n<p>K\u00f6sz\u00f6n\u00f6m az interj\u00fat, \u00e9s v\u00e1rjuk a fejlem\u00e9nyeket!<\/p>\r\n<p>M. Selmeczi Julianna<\/p>\r\n<p>[gallery columns=\"2\" size=\"large\" ids=\"660,662,663,669,670,661,664,665,666,667,668,671,672,673\"]<\/p>","type":"rich","thumbnail_url":"https:\/\/miveljukmuveljuk.cafeblog.hu\/files\/2019\/02\/kozossteg-1-150x150.jpg","thumbnail_width":150,"thumbnail_height":150}